{"id":146,"date":"2023-12-14T13:55:03","date_gmt":"2023-12-14T13:55:03","guid":{"rendered":"https:\/\/amor.erasmus.site\/?page_id=146"},"modified":"2025-09-02T15:10:15","modified_gmt":"2025-09-02T15:10:15","slug":"about-the-project","status":"publish","type":"page","link":"https:\/\/amor.erasmus.site\/sk\/about-the-project\/","title":{"rendered":"O projektu"},"content":{"rendered":"<p><\/p>\n<div class=\"paoc-popup-margin paoc-popup-content\">\n<p>Med COVID-19 krizo in izzivi, s katerimi se soo\u010dajo izobra\u017eevalne ustanove, potrebuje izobra\u017eevalni sektor kot celota kratkoro\u010dne re\u0161itve, s katerimi se je mogo\u010de odzvati na to in morebitne prihodnje krize.<\/p>\n<p>Projekt A.M.O.R. (Advanced Measurements of Responses to the Challenges of Social Skills Development in the Digital Era) odgovarja na to potrebo.<\/p>\n<p>Aktivnosti projekta se osredoto\u010dajo na razvoj re\u0161itev za vrzel v socialnih ve\u0161\u010dinah in digitalni razkorak, ki je \u0161e posebej poudarjen zaradi pandemije Covid-19, za invalide in \u0161tudente s posebnimi izobra\u017eevalnimi potrebami, ki so bili v veliki meri izklju\u010deni iz digitalnih in nedigitalnih re\u0161itev, razvitih v zadnjih mesecih, predvsem zaradi nedostopnosti in nevklju\u010denosti.<\/p>\n<p>Z izvajanjem projekta A.M.O.R. bodo lahko u\u010ditelji, trenerji in socialni delavci pomagali mladim, predvsem invalidom in posebnimi izobra\u017eevalnimi potrebami, pri premagovanju zaznanega ali dejanskega pomanjkanja nadzora nad svojim polo\u017eajem in krepitvi aktivne dru\u017ebene participacije. in boj proti trenutnim negativnim trendom izklju\u010denosti.<\/p>\n<p>Partnerstvo A.M.O.R.\u00a0 \u017eeli zagotoviti inovativne in prakti\u010dne pedago\u0161ke re\u0161itve za inkluzivno digitalizacijo mladih in socialno delo v neformalnih in formalnih okoljih.<\/p>\n<p>Ciljna skupina<\/p>\n<ul>\n<li>Primarna ciljna skupina (TG1)<\/li>\n<\/ul>\n<p>MLADINSKI in socialni delavci ter drugi izobra\u017eevalci na podro\u010dju dela z MLADIMI, npr. u\u010ditelji, trenerji, trenerji<\/p>\n<ul>\n<li>Sekundarna ciljna skupina (TG2)<\/li>\n<\/ul>\n<p>MLADI s telesnimi in du\u0161evnimi motnjami in\/ali posebnimi potrebami v Evropi, ki se soo\u010dajo z izzivi, ki jih povzro\u010da pandemija Covida<\/p>\n<\/div>\n<p><\/p>","protected":false},"excerpt":{"rendered":"<p>Med COVID-19 krizo in izzivi, s katerimi se soo\u010dajo izobra\u017eevalne ustanove, potrebuje izobra\u017eevalni sektor kot celota kratkoro\u010dne re\u0161itve, s katerimi se je mogo\u010de odzvati na to in morebitne prihodnje krize. Projekt A.M.O.R. (Advanced Measurements of Responses to the Challenges of Social Skills Development in the Digital Era) odgovarja na to potrebo. Aktivnosti projekta se osredoto\u010dajo&hellip;&nbsp;<\/p>\n","protected":false},"author":1,"featured_media":0,"parent":0,"menu_order":0,"comment_status":"closed","ping_status":"closed","template":"","meta":{"neve_meta_sidebar":"","neve_meta_container":"","neve_meta_enable_content_width":"off","neve_meta_content_width":100,"neve_meta_title_alignment":"","neve_meta_author_avatar":"","neve_post_elements_order":"","neve_meta_disable_header":"","neve_meta_disable_footer":"","neve_meta_disable_title":"","footnotes":""},"class_list":["post-146","page","type-page","status-publish","hentry"],"_links":{"self":[{"href":"https:\/\/amor.erasmus.site\/sk\/wp-json\/wp\/v2\/pages\/146","targetHints":{"allow":["GET"]}}],"collection":[{"href":"https:\/\/amor.erasmus.site\/sk\/wp-json\/wp\/v2\/pages"}],"about":[{"href":"https:\/\/amor.erasmus.site\/sk\/wp-json\/wp\/v2\/types\/page"}],"author":[{"embeddable":true,"href":"https:\/\/amor.erasmus.site\/sk\/wp-json\/wp\/v2\/users\/1"}],"replies":[{"embeddable":true,"href":"https:\/\/amor.erasmus.site\/sk\/wp-json\/wp\/v2\/comments?post=146"}],"version-history":[{"count":4,"href":"https:\/\/amor.erasmus.site\/sk\/wp-json\/wp\/v2\/pages\/146\/revisions"}],"predecessor-version":[{"id":547,"href":"https:\/\/amor.erasmus.site\/sk\/wp-json\/wp\/v2\/pages\/146\/revisions\/547"}],"wp:attachment":[{"href":"https:\/\/amor.erasmus.site\/sk\/wp-json\/wp\/v2\/media?parent=146"}],"curies":[{"name":"wp","href":"https:\/\/api.w.org\/{rel}","templated":true}]}}